{"version":"1.0","provider_name":"Congo-actu.net","provider_url":"https:\/\/congo-actu.net","author_name":"Christian Ngeleka","author_url":"https:\/\/congo-actu.net\/index.php\/author\/chris-ngeleka\/","title":"RDC : Ra\u00efssa Malu appelle \u00e0 une rentr\u00e9e scolaire 2026-2027 sous le signe de la discipline et de la pers\u00e9v\u00e9rance\u200e - Congo-actu.net","type":"rich","width":600,"height":338,"html":"<blockquote class=\"wp-embedded-content\" data-secret=\"Fr4zqZNl5v\"><a href=\"https:\/\/congo-actu.net\/index.php\/2026\/08\/31\/36991\/\">RDC : Ra\u00efssa Malu appelle \u00e0 une rentr\u00e9e scolaire 2026-2027 sous le signe de la discipline et de la pers\u00e9v\u00e9rance\u200e<\/a><\/blockquote><iframe sandbox=\"allow-scripts\" security=\"restricted\" src=\"https:\/\/congo-actu.net\/index.php\/2026\/08\/31\/36991\/embed\/#?secret=Fr4zqZNl5v\" width=\"600\" height=\"338\" title=\"\u00ab\u00a0RDC : Ra\u00efssa Malu appelle \u00e0 une rentr\u00e9e scolaire 2026-2027 sous le signe de la discipline et de la pers\u00e9v\u00e9rance\u200e\u00a0\u00bb &#8212; Congo-actu.net\" data-secret=\"Fr4zqZNl5v\" frameborder=\"0\" marginwidth=\"0\" marginheight=\"0\" scrolling=\"no\" class=\"wp-embedded-content\"><\/iframe><script>\n\/*! This file is auto-generated *\/\n!function(d,l){\"use strict\";l.querySelector&&d.addEventListener&&\"undefined\"!=typeof URL&&(d.wp=d.wp||{},d.wp.receiveEmbedMessage||(d.wp.receiveEmbedMessage=function(e){var t=e.data;if((t||t.secret||t.message||t.value)&&!\/[^a-zA-Z0-9]\/.test(t.secret)){for(var s,r,n,a=l.querySelectorAll('iframe[data-secret=\"'+t.secret+'\"]'),o=l.querySelectorAll('blockquote[data-secret=\"'+t.secret+'\"]'),c=new RegExp(\"^https?:$\",\"i\"),i=0;i<o.length;i++)o[i].style.display=\"none\";for(i=0;i<a.length;i++)s=a[i],e.source===s.contentWindow&&(s.removeAttribute(\"style\"),\"height\"===t.message?(1e3<(r=parseInt(t.value,10))?r=1e3:~~r<200&&(r=200),s.height=r):\"link\"===t.message&&(r=new URL(s.getAttribute(\"src\")),n=new URL(t.value),c.test(n.protocol))&&n.host===r.host&&l.activeElement===s&&(d.top.location.href=t.value))}},d.addEventListener(\"message\",d.wp.receiveEmbedMessage,!1),l.addEventListener(\"DOMContentLoaded\",function(){for(var e,t,s=l.querySelectorAll(\"iframe.wp-embedded-content\"),r=0;r<s.length;r++)(t=(e=s[r]).getAttribute(\"data-secret\"))||(t=Math.random().toString(36).substring(2,12),e.src+=\"#?secret=\"+t,e.setAttribute(\"data-secret\",t)),e.contentWindow.postMessage({message:\"ready\",secret:t},\"*\")},!1)))}(window,document);\n\/\/# sourceURL=https:\/\/congo-actu.net\/wp-includes\/js\/wp-embed.min.js\n<\/script>\n","thumbnail_url":"https:\/\/congo-actu.net\/wp-content\/uploads\/2026\/08\/HLZ47MtWYAA0EL-.jpg","thumbnail_width":1280,"thumbnail_height":852,"description":"La rentr\u00e9e scolaire 2026-2027 est annonc\u00e9e pour ce mardi 1er septembre 2026, sur l\u2019ensemble du territoire national de la R\u00e9publique d\u00e9mocratique du Congo. \u00c0 cette occasion, la ministre d\u2019\u00c9tat, ministre de l\u2019\u00c9ducation nationale et Nouvelle Citoyennet\u00e9, a adress\u00e9, ce lundi 31 ao\u00fbt, un message aux \u00e9l\u00e8ves, enseignants, parents et \u00e0 l\u2019ensemble de la communaut\u00e9 \u00e9ducative.\u200e\u200eReconnaissant"}